{"id":1180,"date":"2018-04-04T10:07:23","date_gmt":"2018-04-04T08:07:23","guid":{"rendered":"http:\/\/www.karwendelbahn.de\/?page_id=1180"},"modified":"2026-04-14T00:08:14","modified_gmt":"2026-04-13T22:08:14","slug":"stellenangebote","status":"publish","type":"page","link":"https:\/\/www.karwendelbahn.de\/en\/our-company\/stellenangebote\/","title":{"rendered":"Stellenangebote"},"content":{"rendered":"<div class=\"wpb-content-wrapper\"><p>[vc_row css=&#8221;.vc_custom_1531908416826{margin-bottom: 0px !important;}&#8221;][vc_column]\n\t\t\t<!-- START Stellenangebote REVOLUTION SLIDER 6.7.38 --><p class=\"rs-p-wp-fix\"><\/p>\n\t\t\t<rs-module-wrap id=\"rev_slider_14_1_wrapper\" data-source=\"gallery\" style=\"visibility:hidden;background:transparent;padding:0;margin:0px auto;margin-top:0;margin-bottom:0;\">\n\t\t\t\t<rs-module id=\"rev_slider_14_1\" style=\"\" data-version=\"6.7.38\">\n\t\t\t\t\t<rs-slides style=\"overflow: hidden; position: absolute;\">\n\t\t\t\t\t\t<rs-slide style=\"position: absolute;\" data-key=\"rs-14\" data-title=\"Slide\" data-anim=\"adpr:false;\">\n\t\t\t\t\t\t\t<img decoding=\"async\" src=\"\/\/www.karwendelbahn.de\/wp-content\/plugins\/revslider\/sr6\/assets\/assets\/dummy.png\" alt=\"\" title=\"Stellenangebote\" class=\"rev-slidebg tp-rs-img rs-lazyload\" data-lazyload=\"\/\/www.karwendelbahn.de\/wp-content\/uploads\/2018\/04\/stellenangebote.jpg\" data-no-retina>\n<!---->\t\t\t\t\t<\/rs-slide>\n\t\t\t\t\t<\/rs-slides>\n\t\t\t\t<\/rs-module>\n\t\t\t\t<script>\n\t\t\t\t\tsetREVStartSize({c: 'rev_slider_14_1',rl:[1240,1024,778,480],el:[],gw:[1920,1024,778,480],gh:[500,345,150,160],type:'standard',justify:'',layout:'fullwidth',mh:\"0\"});if (window.RS_MODULES!==undefined && window.RS_MODULES.modules!==undefined && window.RS_MODULES.modules[\"revslider141\"]!==undefined) {window.RS_MODULES.modules[\"revslider141\"].once = false;window.revapi14 = undefined;if (window.RS_MODULES.checkMinimal!==undefined) window.RS_MODULES.checkMinimal()}\n\t\t\t\t<\/script>\n\t\t\t<\/rs-module-wrap>\n\t\t\t<!-- END REVOLUTION SLIDER -->\n[\/vc_column][\/vc_row][vc_row full_width=&#8221;stretch_row&#8221; equal_height=&#8221;yes&#8221; ult_hide_row=&#8221;ult_hide_row_value&#8221; ult_hide_row_tablet=&#8221;tablet&#8221; ult_hide_row_tablet_small=&#8221;xs_tablet&#8221; css=&#8221;.vc_custom_1531900319075{margin-top: 10px !important;margin-bottom: -30px !important;}&#8221;][vc_column][vc_column_text css=&#8221;.vc_custom_1531900226734{margin-bottom: 0px !important;}&#8221;][vc_row full_width=\"stretch_row\" equal_height=\"yes\" ult_hide_row=\"ult_hide_row_value\" ult_hide_row_tablet=\"tablet\" ult_hide_row_tablet_small=\"xs_tablet\" css=\".vc_custom_1531905375985{margin-top: 10px !important;margin-bottom: -30px !important;}\" el_class=\"status-balken\"][vc_column width=\"1\/4\"][vc_raw_html]JTNDZGl2JTIwY2xhc3MlM0QlMjJzdGF0dXMtZ3JpZCUyMiUzRSUwQSUzQ2RpdiUyMGNsYXNzJTNEJTIyc3RhdHVzLWxpbmtzJTIyJTNFJTBBJTNDaW1nJTIwc3JjJTNEJTIyaHR0cHMlM0ElMkYlMkZ3d3cua2Fyd2VuZGVsYmFobi5kZSUyRndwLWNvbnRlbnQlMkZ1cGxvYWRzJTJGMjAxOCUyRjA2JTJGZmFocmJldHJpZWItaWNvbi5wbmclMjIlM0UlMEElM0MlMkZkaXYlM0UlMEElM0NkaXYlMjBjbGFzcyUzRCUyMnN0YXR1cy1yZWNodHMlMjIlM0UlMEElM0NoMyUyMHN0eWxlJTNEJTIydGV4dC1hbGlnbiUzQSUyMGxlZnQlM0IlMjIlM0VGYWhyJTI2c2h5JTNCYmV0cmllYiUzQyUyRmgzJTNFJTBBJTVCeHl6LWlwcyUyMHNuaXBwZXQlM0QlMjJGYWhyYmV0cmllYiUyMiU1RCUwQSUzQyUyRmRpdiUzRSUwQSUzQyUyRmRpdiUzRQ==[\/vc_raw_html][\/vc_column][vc_column width=\"1\/4\"][vc_raw_html]JTNDZGl2JTIwY2xhc3MlM0QlMjJzdGF0dXMtZ3JpZCUyMiUzRSUwQSUzQ2RpdiUyMGNsYXNzJTNEJTIyc3RhdHVzLWxpbmtzJTIyJTNFJTBBJTNDaW1nJTIwc3JjJTNEJTIyaHR0cHMlM0ElMkYlMkZ3d3cua2Fyd2VuZGVsYmFobi5kZSUyRndwLWNvbnRlbnQlMkZ1cGxvYWRzJTJGMjAxOCUyRjA2JTJGcGFub3JhbWF3ZWctaWNvbi5wbmclMjIlM0UlMEElM0MlMkZkaXYlM0UlMEElM0NkaXYlMjBjbGFzcyUzRCUyMnN0YXR1cy1yZWNodHMlMjIlM0UlMEElM0NoMyUyMHN0eWxlJTNEJTIydGV4dC1hbGlnbiUzQSUyMGxlZnQlM0IlMjIlM0VXYW5kZXIlMjZzaHklM0J3ZWdlJTIwJTI2JTIwS2xldHRlciUyNnNoeSUzQnN0ZWlnZSUzQyUyRmgzJTNFJTBBJTVCeHl6LWlwcyUyMHNuaXBwZXQlM0QlMjJXYW5kZXJ3ZWdlLUtsZXR0ZXJzdGVpZ2UlMjIlNUQlMEElM0MlMkZkaXYlM0UlMEElM0MlMkZkaXYlM0U=[\/vc_raw_html][\/vc_column][vc_column width=\"1\/4\"][vc_raw_html]JTNDZGl2JTIwY2xhc3MlM0QlMjJzdGF0dXMtZ3JpZCUyMiUzRSUwQSUzQ2RpdiUyMGNsYXNzJTNEJTIyc3RhdHVzLWxpbmtzJTIyJTNFJTBBJTNDaW1nJTIwc3JjJTNEJTIyaHR0cHMlM0ElMkYlMkZ3d3cua2Fyd2VuZGVsYmFobi5kZSUyRndwLWNvbnRlbnQlMkZ1cGxvYWRzJTJGMjAyMCUyRjA1JTJGT3V0ZG9vcl9BZHZlbnR1cmUucG5nJTIyJTNFJTBBJTNDJTJGZGl2JTNFJTBBJTNDZGl2JTIwY2xhc3MlM0QlMjJzdGF0dXMtcmVjaHRzJTIyJTNFJTBBJTNDaDMlMjBzdHlsZSUzRCUyMnRleHQtYWxpZ24lM0ElMjBsZWZ0JTNCJTIyJTNFUGFub3JhbWElMjZzaHklM0J3ZWclM0MlMkZoMyUzRSUwQSU1Qnh5ei1pcHMlMjBzbmlwcGV0JTNEJTIyUGFub3JhbWF3ZWclMjIlNUQlMEElM0MlMkZkaXYlM0UlMEElM0MlMkZkaXYlM0U=[\/vc_raw_html][\/vc_column][vc_column width=\"1\/4\"][vc_raw_html]JTNDZGl2JTIwY2xhc3MlM0QlMjJzdGF0dXMtZ3JpZCUyMiUzRSUwQSUzQ2RpdiUyMGNsYXNzJTNEJTIyc3RhdHVzLWxpbmtzJTIyJTNFJTBBJTNDYSUyMGhyZWYlM0QlMjIlMkZ3ZWJjYW0lMjIlM0UlM0NpbWclMjBzcmMlM0QlMjJodHRwcyUzQSUyRiUyRnd3dy5rYXJ3ZW5kZWxiYWhuLmRlJTJGd3AtY29udGVudCUyRnVwbG9hZHMlMkYyMDE4JTJGMDQlMkZ3ZXR0ZXItaWNvbi5wbmclMjIlM0UlM0MlMkZhJTNFJTBBJTNDJTJGZGl2JTNFJTBBJTNDZGl2JTIwY2xhc3MlM0QlMjJzdGF0dXMtcmVjaHRzJTIyJTNFJTBBJTNDaDMlMjBzdHlsZSUzRCUyMnRleHQtYWxpZ24lM0ElMjBsZWZ0JTNCJTIyJTNFJTNDYSUyMGhyZWYlM0QlMjIlMkZ3ZWJjYW0lMjIlM0VXZXR0ZXIlMkZXZWJjYW0lM0MlMkZhJTNFJTNDJTJGaDMlM0UlMEElNUJ4eXotaXBzJTIwc25pcHBldCUzRCUyMldldHRlciUyMiU1RCUwQSUzQyUyRmRpdiUzRSUwQSUzQyUyRmRpdiUzRQ==[\/vc_raw_html][\/vc_column][\/vc_row][\/vc_column_text][vc_separator][vc_empty_space height=&#8221;30px&#8221;][\/vc_column][\/vc_row][vc_row css=&#8221;.vc_custom_1523970277060{margin-bottom: 0px !important;}&#8221; el_class=&#8221;brotkrumen&#8221;][vc_column][vc_column_text]<span><span><a href=\"https:\/\/www.karwendelbahn.de\/en\/\">Karwendelbahn Mittenwald<\/a><\/span><\/span>[\/vc_column_text][\/vc_column][\/vc_row][vc_row][vc_column][vc_column_text css=&#8221;&#8221;]<\/p>\n<h1>Karriere \u00fcber den Wolken<\/h1>\n<p>Die Karwendelbahn AG in Mittenwald ist mehr als eine Seilbahn. Seit der ersten Bergfahrt am 7. Juni 1967 stehen wir f\u00fcr technische Pr\u00e4zision, Verl\u00e4sslichkeit und einen au\u00dfergew\u00f6hnlichen Sicherheitsstandard \u2013 erm\u00f6glicht durch Kollegen, die mit Herzblut und K\u00f6nnen t\u00e4glich daf\u00fcr sorgen.<\/p>\n<p>Gleichzeitig sind wir ein besonderer Ort: f\u00fcr Einheimische ein \u201eStammtisch\u201c auf 2.244 Metern, f\u00fcr G\u00e4ste aus aller Welt ein pr\u00e4gendes Erlebnis im Alpenraum.[\/vc_column_text][\/vc_column][\/vc_row][vc_row][vc_column][vc_tta_accordion shape=&#8221;square&#8221; color=&#8221;blue&#8221; active_section=&#8221;1&#8243; no_fill=&#8221;true&#8221; collapsible_all=&#8221;true&#8221;][vc_tta_section title=&#8221;Technischer Betriebsleiter (m\/w\/d) Fokus Generationswechsel&#8221; tab_id=&#8221;1657017005083-ef9aa9ff-b8a6&#8243;][vc_column_text css=&#8221;&#8221;]<\/p>\n<section aria-labelledby=\"jobdetail-stellenbeschreibung-heading\">\n<div class=\"ba-layout-tile\">\n<h3 id=\"jobdetail-stellenbeschreibung-heading\" class=\"h5 ng-star-inserted\">Stellenbeschreibung<\/h3>\n<p>Verantwortung \u00fcbernehmen \u2013 Sicherheit bewahren \u2013 und die n\u00e4chste Generation pr\u00e4gen<\/p>\n<p>Die Karwendelbahn AG in Mittenwald ist mehr als eine Seilbahn. Seit der ersten Bergfahrt am 7. Juni 1967 steht unser Name f\u00fcr technische Exzellenz, Verl\u00e4sslichkeit und einen au\u00dfergew\u00f6hnlichen Sicherheitsstandard \u2013 erm\u00f6glicht durch Kollegen die mit Herzblut und K\u00f6nnen t\u00e4glich daf\u00fcr sorgen.<\/p>\n<p>Im Rahmen eines strukturierten Generationswechsels suchen wir eine Pers\u00f6nlichkeit, die genau das fortf\u00fchrt \u2013 und unsere Anlage gezielt weiterentwickelt.<\/p>\n<p>Ihre Mission: Sicherheit sichern. Zukunft gestalten.<\/p>\n<p>Sicherheitsstandard ist unser h\u00f6chstes Gut. Diesen Standard sichern Sie \u2013 und entwickeln ihn mit Blick auf die kommenden Jahre konsequent weiter.<\/p>\n<p>Sie sind die zentrale technische Instanz des Unternehmens und verantworten alle wesentlichen betrieblichen Entscheidungen im technischen Bereich.<\/p>\n<p><strong>Ihre Aufgaben:<\/strong><br \/>\n\u2022\u2060 \u2060Technische Gesamtverantwortung f\u00fcr den Betrieb der Karwendelbahn inkl. aller elektromechanischen Systeme<br \/>\n\u2022\u2060 \u2060Strukturierte \u00dcbergabe mit intensiver Einarbeitung durch Ihren Vorg\u00e4nger<br \/>\n\u2022\u2060 \u2060Planung und Umsetzung technischer Verbesserungen und Modernisierungen<br \/>\n\u2022\u2060 \u2060Identifikation und Priorisierung von Weiterentwicklungen (Effizienz, Prozesse, Betriebskonzepte)<br \/>\n\u2022\u2060 \u2060Verantwortung f\u00fcr Revisionen, Pr\u00fcfungen und sicherheitsrelevante Prozesse<br \/>\n\u2022\u2060 \u2060Steuerung der alpinen Infrastruktur inkl. Bergstation und hochalpiner Logistik<br \/>\n\u2022\u2060 \u2060Koordination des Betriebs im Dammkar (Deutschlands l\u00e4ngste Skiroute, 7 km)<br \/>\n\u2022\u2060 \u2060F\u00fchrung und Weiterentwicklung Ihres technischen Teams<\/p>\n<p><strong>Das bringen Sie mit<\/strong><\/p>\n<p>\u2022\u2060 \u2060Anerkennung als Betriebsleiter f\u00fcr Seilbahnen (BaySeilbG)<br \/>\noder technischer Hintergrund (Maschinenbau \/ Elektrotechnik) mit Bereitschaft zur Qualifizierung<br \/>\n\u2022\u2060 \u2060Erfahrung im Betrieb komplexer technischer Anlagen<br \/>\n\u2022\u2060 \u2060Ruhe, Pr\u00e4zision und Entscheidungsst\u00e4rke \u2013 auch in anspruchsvollen Situationen<br \/>\n\u2022\u2060 \u2060Verst\u00e4ndnis f\u00fcr alpine Bedingungen oder die Motivation, sich dieses anzueignen<br \/>\n\u2022\u2060 \u2060F\u00fchrungskompetenz und Verantwortungsbewusstsein<\/p>\n<p><strong>Warum die Karwendelbahn?<\/strong><\/p>\n<p>\u2022\u2060 \u2060Ein besonderer Ort: Wir sind \u201eStammtisch\u201c auf 2.244 Metern f\u00fcr Einheimische \u2013 und zugleich Tourismusmagnet f\u00fcr Mittenwald<br \/>\n\u2022\u2060 \u2060Verantwortung mit Wirkung: Ihre Entscheidungen haben direkten Einfluss auf Sicherheit, Betrieb und Erlebnis<br \/>\n\u2022\u2060 \u2060Stabilit\u00e4t: Ein wirtschaftlich gesundes, traditionsreiches Unternehmen<br \/>\n\u2022\u2060 \u2060Gestaltungsspielraum: Sie entwickeln Technik, Prozesse und Organisation aktiv weiter<br \/>\n\u2022\u2060 \u2060Rahmenbedingungen: Eine der Verantwortung dieser zentralen Schl\u00fcsselposition entsprechende, \u00fcbertarifliche Verg\u00fctung mit Entwicklungsperspektive, erg\u00e4nzt durch Zuschl\u00e4ge sowie individuelle Weiterbildungs- und Entwicklungsm\u00f6glichkeiten<br \/>\n\u2022\u2060 \u2060Wohnen: Moderne Unterkunft bei Bedarf<\/p>\n<p><strong>Anspruchsvolles Umfeld<\/strong><\/p>\n<p>Als zentraler Akteur in der Region bewegen wir uns im Spannungsfeld unterschiedlicher Interessen \u2013 von Tourismus \u00fcber Naturraum bis zur kommunalen Ebene.<br \/>\nDiese Themen werden teilweise auch \u00f6ffentlich diskutiert. Entscheidend ist f\u00fcr uns, L\u00f6sungen zu entwickeln, Verantwortung zu \u00fcbernehmen und den Betrieb langfristig zu sichern.<\/p>\n<p><strong>Entscheidend f\u00fcr Sie<\/strong><\/p>\n<p>Diese Position ist richtig f\u00fcr Sie, wenn Sie Verantwortung aktiv gestalten, klare Entscheidungen treffen und auch in einem anspruchsvollen Umfeld souver\u00e4n bleiben.<\/p>\n<\/div>\n<p class=\"isSelectedEnd\"><strong>Jetzt bewerben!<\/strong><br \/>\nSenden Sie Ihren Lebenslauf an: <a href=\"mailto:service@karwendelbahn.de\">personal@karwendelbahn.de<\/a><br \/>\nOder rufen Sie uns direkt an: +49 175 3398792<\/p>\n<\/section>\n<p>[\/vc_column_text][\/vc_tta_section][vc_tta_section title=&#8221;Stv. Betriebsleiter (m\/w\/d) Fokus Generationswechsel&#8221; tab_id=&#8221;1776117749499-3510df76-2ee5&#8243;][vc_column_text css=&#8221;&#8221;]<\/p>\n<h2 role=\"heading\">Verantwortung \u00fcbernehmen \u2013 Sicherheit bewahren \u2013 die n\u00e4chste Generation pr\u00e4gen<\/h2>\n<div>Die Karwendelbahn AG in Mittenwald ist mehr als eine Seilbahn. Seit der ersten Bergfahrt am 7. Juni 1967 steht unser Name f\u00fcr technische Exzellenz, Verl\u00e4sslichkeit und einen au\u00dfergew\u00f6hnlichen Sicherheitsstandard \u2013 erm\u00f6glicht durch Kollegen, die mit Herzblut und K\u00f6nnen t\u00e4glich daf\u00fcr sorgen.<\/div>\n<div>Im Rahmen eines strukturierten Generationswechsels suchen wir einen stellvertretenden Betriebsleiter (m\/w\/d), der unsere Leidenschaft f\u00fcr alpine Technik teilt und bereit ist, den Betrieb operativ und strategisch mitzugestalten.<\/div>\n<h2 role=\"heading\">Ihre Mission: Sicherheit garantieren. Exzellenz f\u00fchren.<\/h2>\n<div>Sicherheitsstandard ist unser h\u00f6chstes Gut. Diesen Standard sichern Sie \u2013 und entwickeln ihn mit Blick auf die kommenden Jahre konsequent weiter. Als stellvertretender Betriebsleiter sind Sie eine tragende S\u00e4ule unserer technischen F\u00fchrungsmannschaft.<\/div>\n<h2 role=\"heading\">Ihre Aufgaben:<\/h2>\n<div>\n<ul>\n<li>Technische Verantwortung: Mitwirkung bei der Gesamtverantwortung f\u00fcr den Betrieb der Karwendelbahn inklusive aller elektromechanischen Systeme.<\/li>\n<li>Strukturierte \u00dcbergabe: Eine fundierte Einarbeitung durch das bestehende F\u00fchrungsteam ist f\u00fcr uns selbstverst\u00e4ndlich.<\/li>\n<li>Modernisierung: Planung und Umsetzung technischer Verbesserungen und Modernisierungen an der Anlage.<\/li>\n<li>Betriebsmanagement: Verantwortung f\u00fcr Revisionen, Pr\u00fcfungen und alle sicherheitsrelevanten Prozesse nach BayESG\/SeilbV.<\/li>\n<li>Alpine Logistik: Koordination des Betriebs im Dammkar (Deutschlands l\u00e4ngste Skiroute, 7 km) sowie Steuerung der Infrastruktur an Berg- und Talstation.<\/li>\n<li>Teamf\u00fchrung: Anleitung, Motivation und Weiterentwicklung unseres technischen Teams.<\/li>\n<\/ul>\n<\/div>\n<h2 role=\"heading\">Das bringen Sie mit:<\/h2>\n<div>\n<ul>\n<li>Qualifikation: Anerkennung als Betriebsleiter f\u00fcr Seilbahnen (gem\u00e4\u00df BaySeilbG) oder ein fundierter technischer Hintergrund (Ingenieur, Meister oder Techniker) mit der Erfahrung, die Position zeitnah voll auszuf\u00fcllen.<\/li>\n<li>Berufserfahrung: Einschl\u00e4gige Praxis im Betrieb komplexer technischer Anlagen \u2013 idealerweise im Seilbahnwesen oder einer verwandten Branche.<\/li>\n<li>Souver\u00e4nit\u00e4t: Ruhe, Pr\u00e4zision und Entscheidungsst\u00e4rke, besonders in den anspruchsvollen Situationen des alpinen Ganzjahresbetriebs.<\/li>\n<li>Leadership: Sie f\u00fchren mit Klarheit und Verantwortungsbewusstsein.<\/li>\n<\/ul>\n<\/div>\n<h2 role=\"heading\">Warum die Karwendelbahn?<\/h2>\n<div>\n<ul>\n<li>Ein besonderer Ort: Wir sind \u201eStammtisch\u201c auf 2.244 Metern f\u00fcr Einheimische \u2013 und zugleich Tourismusmagnet f\u00fcr Mittenwald.<\/li>\n<li>Wirkungskreis: Ihre Entscheidungen haben direkten Einfluss auf die Sicherheit und das Erlebnis unserer G\u00e4ste.<\/li>\n<li>Stabilit\u00e4t: Ein wirtschaftlich gesundes, traditionsreiches Unternehmen mit langfristiger Perspektive.<\/li>\n<li>Rahmenbedingungen: Eine der Verantwortung dieser zentralen Schl\u00fcsselposition entsprechende, \u00fcbertarifliche Verg\u00fctung, erg\u00e4nzt durch Zuschl\u00e4ge sowie individuelle Weiterbildungsangebote.<\/li>\n<li>Wohnen: Bei Bedarf unterst\u00fctzen wir Sie gerne mit einer modernen Unterkunft.<\/li>\n<\/ul>\n<\/div>\n<h2 role=\"heading\">Anspruchsvolles Umfeld<\/h2>\n<div>Als zentraler Akteur in der Region bewegen wir uns im Spannungsfeld unterschiedlicher Interessen. Diese Themen werden teilweise auch \u00f6ffentlich diskutiert. Entscheidend ist f\u00fcr uns, souver\u00e4n L\u00f6sungen zu entwickeln und den Betrieb langfristig zu sichern.<\/div>\n<h2 role=\"heading\">Entscheidend f\u00fcr Sie<\/h2>\n<div>Diese Position ist richtig f\u00fcr Sie, wenn Sie Verantwortung aktiv gestalten, klare Entscheidungen treffen und Ihre Expertise in ein Unternehmen einbringen wollen, das den Generationswechsel aktiv angeht.<\/div>\n<div><\/div>\n<div><strong>Jetzt bewerben!<\/strong><br \/>\nSenden Sie Ihren Lebenslauf an: personal@karwendelbahn.de<br \/>\nOder rufen Sie uns direkt an: +49 175 3398792<\/div>\n<div><\/div>\n<div><\/div>\n<div><\/div>\n<div><\/div>\n<p>[\/vc_column_text][\/vc_tta_section][vc_tta_section title=&#8221;Nachwuchsf\u00fchrungskraft als stellvertretender Betriebsleiter (m\/w\/d)&#8221; tab_id=&#8221;1776115827550-e17a171f-db4e&#8221;][vc_column_text css=&#8221;&#8221;]<\/p>\n<section aria-labelledby=\"jobdetail-stellenbeschreibung-heading\">\n<div class=\"ba-layout-tile\">\n<h3 id=\"jobdetail-stellenbeschreibung-heading\" class=\"h5 ng-star-inserted\">Nachwuchsf\u00fchrungskraft als stellvertretender Betriebsleiter (m\/w\/d)<\/h3>\n<p>Verantwortung \u00fcbernehmen \u2013 Sicherheit bewahren \u2013 und die n\u00e4chste Generation pr\u00e4gen<\/p>\n<p>Die Karwendelbahn AG in Mittenwald ist mehr als eine Seilbahn. Seit der ersten Bergfahrt am 7. Juni 1967 steht unser Name f\u00fcr technische Exzellenz, Verl\u00e4sslichkeit und einen au\u00dfergew\u00f6hnlichen Sicherheitsstandard \u2013 erm\u00f6glicht durch Kollegen die mit Herzblut und K\u00f6nnen t\u00e4glich daf\u00fcr sorgen.<\/p>\n<p>Im Rahmen eines strukturierten Generationswechsels suchen wir eine Pers\u00f6nlichkeit, die genau das fortf\u00fchrt \u2013 und unsere Anlage gezielt weiterentwickelt.<\/p>\n<p><strong class=\"Yjhzub\" data-sfc-root=\"c\" data-sfc-cb=\"\" data-complete=\"true\" data-processed=\"true\">Deine Mission: Tradition bewahren, Zukunft gestalten.<\/strong><br data-sfc-root=\"c\" data-sfc-pl=\"|[]\" data-sfc-cb=\"\" data-complete=\"true\" data-processed=\"true\" \/>Die Karwendelbahn ist ein technisches Meisterwerk und das Aush\u00e4ngeschild von Mittenwald. Um unsere Pendelbahn f\u00fcr die kommenden Jahrzehnte fit zu machen, suchen wir Macher, die Verantwortung am Berg \u00fcbernehmen wollen und das Ziel haben, zeitnah als stellvertretender Betriebsleiter die technische Leitung mitzugestalten.<\/p>\n<div class=\"Y3BBE\" data-sfc-cp=\"\" data-sfc-root=\"c\" data-sfc-cb=\"\" data-hveid=\"CAEIBxAA\" data-complete=\"true\" data-processed=\"true\"><strong class=\"Yjhzub\" data-sfc-root=\"c\" data-sfc-cb=\"\" data-complete=\"true\" data-processed=\"true\">Deine Aufgaben:<\/strong><\/div>\n<ul class=\"KsbFXc U6u95\" data-sfc-root=\"c\" data-sfc-cb=\"\" data-complete=\"true\" data-processed=\"true\">\n<li class=\"dF3vjf\" data-sfc-root=\"c\" data-sfc-cb=\"\" data-hveid=\"CAEICBAA\" data-complete=\"true\" data-sae=\"\"><span class=\"T286Pc\" data-sfc-cp=\"\" data-sfc-root=\"c\" data-sfc-cb=\"\" data-complete=\"true\">Technischer Lead:\u00a0Du stellst den sicheren t\u00e4glichen Fahrbetrieb unserer Gro\u00dfkabinen-Pendelbahn sicher.<\/span><\/li>\n<li class=\"dF3vjf\" data-sfc-root=\"c\" data-sfc-cb=\"\" data-hveid=\"CAEICBAB\" data-complete=\"true\" data-sae=\"\"><span class=\"T286Pc\" data-sfc-cp=\"\" data-sfc-root=\"c\" data-sfc-cb=\"\" data-complete=\"true\">Instandhaltung 2.0:\u00a0Du planst und begleitest Revisionen sowie Wartungsarbeiten (Mechanik\/Elektrik) und bringst eigene Ideen zur Modernisierung ein.<\/span><\/li>\n<li class=\"dF3vjf\" data-sfc-root=\"c\" data-sfc-cb=\"\" data-hveid=\"CAEICBAC\" data-complete=\"true\" data-sae=\"\"><span class=\"T286Pc\" data-sfc-cp=\"\" data-sfc-root=\"c\" data-sfc-cb=\"\" data-complete=\"true\">Teamf\u00fchrung:\u00a0Du f\u00fchrst und motivierst unser Betriebspersonal (Maschinisten, Kabinenf\u00fchrer) und sorgst f\u00fcr reibungslose Abl\u00e4ufe.<\/span><\/li>\n<li class=\"dF3vjf\" data-sfc-root=\"c\" data-sfc-cb=\"\" data-hveid=\"CAEICBAD\" data-complete=\"true\" data-sae=\"\"><span class=\"T286Pc\" data-sfc-cp=\"\" data-sfc-root=\"c\" data-sfc-cb=\"\" data-complete=\"true\">Sicherheitsverantwortung: Du \u00fcberwachst die Einhaltung aller gesetzlichen Vorschriften (BayESG\/SeilbV) und dokumentierst die Betriebssicherheit.<\/span><\/li>\n<\/ul>\n<div class=\"Y3BBE\" data-sfc-cp=\"\" data-sfc-root=\"c\" data-sfc-cb=\"\" data-hveid=\"CAEICRAA\" data-complete=\"true\" data-processed=\"true\"><strong class=\"Yjhzub\" data-sfc-root=\"c\" data-sfc-cb=\"\" data-complete=\"true\" data-processed=\"true\">Dein Profil \u2013 Die \u201ePraktiker-Route\u201c:<\/strong><\/div>\n<ul class=\"KsbFXc U6u95\" data-sfc-root=\"c\" data-sfc-cb=\"\" data-complete=\"true\" data-processed=\"true\">\n<li class=\"dF3vjf\" data-sfc-root=\"c\" data-sfc-cb=\"\" data-hveid=\"CAEIChAA\" data-complete=\"true\" data-sae=\"\"><span class=\"T286Pc\" data-sfc-cp=\"\" data-sfc-root=\"c\" data-sfc-cb=\"\" data-complete=\"true\">Qualifikation:\u00a0Du bist\u00a0staatlich gepr\u00fcfter Techniker\u00a0oder\u00a0Meister\u00a0(m\/w\/d) in den Bereichen Elektrotechnik, Maschinenbau, Mechatronik oder Metallbau. (Alternativ: Ingenieursstudium).<\/span><\/li>\n<li class=\"dF3vjf\" data-sfc-root=\"c\" data-sfc-cb=\"\" data-hveid=\"CAEIChAB\" data-complete=\"true\" data-sae=\"\"><span class=\"T286Pc\" data-sfc-cp=\"\" data-sfc-root=\"c\" data-sfc-cb=\"\" data-complete=\"true\">Erfahrung:\u00a0Idealerweise bringst du bereits Erfahrung aus dem Seilbahnbetrieb oder verwandten Bereichen (z. B. Aufzugstechnik, Schwerindustrie, Anlagenbau) mit.<\/span><\/li>\n<li class=\"dF3vjf\" data-sfc-root=\"c\" data-sfc-cb=\"\" data-hveid=\"CAEIChAC\" data-complete=\"true\" data-sae=\"\"><span class=\"T286Pc\" data-sfc-cp=\"\" data-sfc-root=\"c\" data-sfc-cb=\"\" data-complete=\"true\">Ziel im Blick:\u00a0Du hast den Drive, die bayerische\u00a0Betriebsleiterpr\u00fcfung\u00a0vor der Technischen Aufsichtsbeh\u00f6rde (TAB) abzulegen.<\/span><\/li>\n<li class=\"dF3vjf\" data-sfc-root=\"c\" data-sfc-cb=\"\" data-hveid=\"CAEIChAD\" data-complete=\"true\" data-sae=\"\"><span class=\"T286Pc\" data-sfc-cp=\"\" data-sfc-root=\"c\" data-sfc-cb=\"\" data-complete=\"true\">Pers\u00f6nlichkeit: Du bist mindestens 21 Jahre alt, schwindelfrei, wetterfest und ein absoluter Teamplayer mit Verantwortungsbewusstsein.<\/span><\/li>\n<\/ul>\n<\/div>\n<div class=\"ba-layout-tile\">\n<p><strong>Warum die Karwendelbahn?<\/strong><\/p>\n<p>\u2022\u2060 \u2060Ein besonderer Ort: Wir sind \u201eStammtisch\u201c auf 2.244 Metern f\u00fcr Einheimische \u2013 und zugleich Tourismusmagnet f\u00fcr Mittenwald<br \/>\n\u2022\u2060 \u2060Verantwortung mit Wirkung: Deine Entscheidungen haben direkten Einfluss auf Sicherheit, Betrieb und Erlebnis<br \/>\n\u2022\u2060 \u2060Stabilit\u00e4t: Ein wirtschaftlich gesundes, traditionsreiches Unternehmen<br \/>\n\u2022\u2060 \u2060Gestaltungsspielraum: Du entwickelst Technik, Prozesse und Organisation aktiv weiter<br \/>\n\u2022\u2060 \u2060Rahmenbedingungen: Eine der Verantwortung dieser zentralen Schl\u00fcsselposition entsprechende, \u00fcbertarifliche Verg\u00fctung mit Entwicklungsperspektive, erg\u00e4nzt durch Zuschl\u00e4ge sowie individuelle Weiterbildungs- und Entwicklungsm\u00f6glichkeiten<br \/>\n\u2022\u2060 \u2060Wohnen: Moderne Unterkunft bei Bedarf<\/p>\n<p><strong>Anspruchsvolles Umfeld<\/strong><\/p>\n<p>Als zentraler Akteur in der Region bewegen wir uns im Spannungsfeld unterschiedlicher Interessen \u2013 von Tourismus \u00fcber Naturraum bis zur kommunalen Ebene.<br \/>\nDiese Themen werden teilweise auch \u00f6ffentlich diskutiert. Entscheidend ist f\u00fcr uns, L\u00f6sungen zu entwickeln, Verantwortung zu \u00fcbernehmen und den Betrieb langfristig zu sichern.<\/p>\n<p><strong>Entscheidend f\u00fcr Dich<\/strong><\/p>\n<p>Diese Position ist richtig f\u00fcr dich, wenn Du Verantwortung aktiv gestaltest, klare Entscheidungen triffst und auch in einem anspruchsvollen Umfeld souver\u00e4n bleibst.<\/p>\n<\/div>\n<p class=\"isSelectedEnd\"><strong>Jetzt bewerben!<\/strong><br \/>\nSende deinen Lebenslauf an: <a href=\"mailto:service@karwendelbahn.de\">personal@karwendelbahn.de<\/a><br \/>\nOder rufe uns direkt an: +49 175 3398792<\/p>\n<\/section>\n<p>[\/vc_column_text][\/vc_tta_section][vc_tta_section title=&#8221;Maschinist mit Kabinenbegleitert\u00e4tigkeit in Voll-\/Teilzeit (m\/w\/d)&#8221; tab_id=&#8221;1555592094165-26492692-6bd2&#8243;][vc_column_text css=&#8221;&#8221;]<strong>Ihre Aufgaben:<\/strong><\/p>\n<ul>\n<li>Bedienung und \u00dcberwachung der Seilbahnanlage<\/li>\n<li>Sicherstellung eines reibungslosen und sicheren Betriebs<\/li>\n<li>Erkennen und Bewerten von Unregelm\u00e4\u00dfigkeiten im laufenden Betrieb<\/li>\n<li>Enge Abstimmung mit Technik- und Betriebsteam<\/li>\n<li>Fahrdienst<\/li>\n<\/ul>\n<p><strong>Das bringen Sie mit:<\/strong><\/p>\n<ul>\n<li>Ein ausgepr\u00e4gtes technisches Verst\u00e4ndnis, l\u00f6sungsorientiertes Denken &amp; selbst\u00e4ndiges Arbeiten<\/li>\n<li>Dienstleistungsorientiertes Arbeiten zur Begeisterung unserer G\u00e4ste und unseres Teams<\/li>\n<li>Teamf\u00e4higkeit, Belastbarkeit &amp; absolute Zuverl\u00e4ssigkeit<\/li>\n<\/ul>\n<p><strong>Unser Angebot:<\/strong><\/p>\n<ul>\n<li>Unbefristete Anstellung<\/li>\n<li>\u00dcbertarifliche Bezahlung<\/li>\n<li>Diverse Weiterbildungsangebote<\/li>\n<li>Arbeiten in einem engagierten Team<\/li>\n<li>Ein breites, verantwortungsvolles &amp; abwechslungsreiches Aufgabengebiet an unserer Seilbahnanlage<\/li>\n<li>Essenszuschuss<\/li>\n<li>Freikartenkontingent f\u00fcr Ihre Familie und Angeh\u00f6rige<\/li>\n<\/ul>\n<p>&nbsp;<\/p>\n<p>Jetzt bewerben!<br \/>\nSenden Sie Ihren Lebenslauf an: personal@karwendelbahn.de<br \/>\nOder rufen Sie uns direkt an: +49 175 3398792<\/p>\n<p><em>*Auch engagierte Quereinsteiger und Berufsanf\u00e4nger mit hoher Motivation sind bei uns herzlich willkommen.<\/em>[\/vc_column_text][\/vc_tta_section][vc_tta_section title=&#8221;Kabinenbegleiter (m\/w\/d)&#8221; tab_id=&#8221;1657016742150-7a77ab1a-4e8f&#8221; el_class=&#8221;Stellendetails zu: Kabinenbegleiter \/ Seilbahngebleiter (m\/w\/d) in Voll-\/Teilzeit Druckansicht (PDF) herunterladen Stelle vormerken Kabinenbegleiter \/ Seilbahngebleiter (m\/w\/d) in Voll-\/Teilzeit Seilbahnbetriebsregler\/in Zuletzt bearbeitet: 21.06.2022 Ver\u00f6ffentlicht: 09.06.2022 Kabinenbegleiter \/ Seilbahngebleiter (m\/w\/d) in Voll-\/Teilzeit Karwendelbahn AG Typ: Arbeit Arbeitszeit: mehrere Arbeitszeitmodelle Eintrittsdatum: ab sofort Arbeitsort: Mittenwald Stellenbeschreibung Kabinenbegleiter \/ Seilbahngebleiter (m\/w\/d) in Voll-\/Teilzeit Zur Unterst\u00fctzung unseres Teams suchen wir zum n\u00e4chstm\u00f6glichen Zeitpunkt einen Kabinenbegleiter\/Seilbahngebleiter (m\/w\/d) in Vollzeit\/Teilzeit f\u00fcr die Karwendelbahn in Mittenwald, Deutschlands zweith\u00f6chste Bergbahn. Ihre Aufgaben: \u2022 Bef\u00f6rderung unserer G\u00e4ste zwischen Tal- und Bergstation \u2022 \u00dcberwachung der Fahrt aus der Kabine \u2022 \u00dcbernahme der Fahrgastlenkung in jeder Station \u2022 Wartung, Instandhaltung und Reparatur an der Seilbahntechnik \u2022 Au\u00dfenarbeiten im Gel\u00e4nde sowie alle anfallenden Arbeiten, die zu einem Seilbahnbetrieb geh\u00f6ren \u2022 Organisation und Durchf\u00fchrung von Transporten Sie bieten: \u2022 Ein ausgepr\u00e4gtes technisches Verst\u00e4ndnis, l\u00f6sungsorientiertes Denken &amp; selbst\u00e4ndiges Arbeiten \u2022 Erfahrungen als Maschinist \u2022 Dienstleistungsorientiertes Arbeiten zur Begeisterung unserer G\u00e4ste und unseres Teams \u2022 Hohes Ma\u00df an Verantwortungsbewusstsein, Teamf\u00e4higkeit, Belastbarkeit &amp; absolute Zuverl\u00e4ssigkeit Unser Angebot: \u2022 Unbefristete Anstellung \u2022 Leistungsgerechte Bezahlung \u2022 Kurs- und Weiterbildungsangebote \u2022 Arbeiten in einem engagierten Team \u2022 Ein breites, verantwortungsvolles und abwechslungsreiches Aufgabengebiet an unserer Seilbahnanlage Bei Interesse freuen wir uns \u00fcber Ihre aussagekr\u00e4ftigen Bewerbungsunterlagen (Bewerbung, Lebenslauf, Zeugnisse) per E-Mail an: service@karwendelbahn.de&#8221;][vc_column_text css=&#8221;&#8221;]<\/p>\n<div id=\"detail-container\" class=\"detail-container ng-star-inserted\">\n<div class=\"os-padding\">\n<div class=\"os-viewport os-viewport-native-scrollbars-invisible os-viewport-native-scrollbars-overlaid\">\n<div class=\"os-content\">\n<section class=\"ng-star-inserted\" aria-labelledby=\"detailansicht-heading-titel-accessibility\">\n<article class=\"spinner-container\">\n<h2 id=\"detailansicht-heading-titel-accessibility\" class=\"sr-only\" tabindex=\"-1\"><span class=\"ng-star-inserted\">Kabinenbegleiter \/ Seilbahngebleiter (m\/w\/d) in Voll-\/Teilzeit<\/span><\/h2>\n<section aria-labelledby=\"jobdetail-stellenbeschreibung-heading\">\n<div class=\"ba-layout-tile\">\n<h3>Ihre Aufgaben<\/h3>\n<ul data-spread=\"false\">\n<li>Betreuung und sichere Bef\u00f6rderung unserer G\u00e4ste zwischen Tal- und Bergstation<\/li>\n<li>\u00dcberwachung der Fahrt aus der Kabine<\/li>\n<li>Steuerung der Fahrgastlenkung in den Stationen<\/li>\n<li>Unterst\u00fctzung bei Wartung, Instandhaltung und einfachen Reparaturen an der Seilbahntechnik<\/li>\n<li>Durchf\u00fchrung von Au\u00dfenarbeiten im Gel\u00e4nde<\/li>\n<li>Organisation und Begleitung von Transporten<\/li>\n<\/ul>\n<h3>Das bringen Sie mit<\/h3>\n<ul data-spread=\"false\">\n<li>Technisches Verst\u00e4ndnis und eine selbstst\u00e4ndige, l\u00f6sungsorientierte Arbeitsweise<\/li>\n<li>Idealerweise Erfahrung als Kabinen- oder Seilbahnbegleiter<\/li>\n<li>Freude am Umgang mit Menschen und dienstleistungsorientiertes Arbeiten<\/li>\n<li>Hohes Ma\u00df an Verantwortungsbewusstsein, Zuverl\u00e4ssigkeit und Teamf\u00e4higkeit<\/li>\n<li>Belastbarkeit und Bereitschaft f\u00fcr Wochenend- und Feiertagsarbeit<\/li>\n<\/ul>\n<h3>Warum die Karwendelbahn?<\/h3>\n<ul data-spread=\"false\">\n<li>Sicherer Arbeitsplatz in einem eingespielten Team<\/li>\n<li>Abwechslungsreiche T\u00e4tigkeit zwischen Technik und G\u00e4stekontakt<\/li>\n<li>\u00dcbertarifliche Verg\u00fctung, Zuschl\u00e4ge und Weiterbildungsm\u00f6glichkeiten<\/li>\n<li>Essenszuschuss<\/li>\n<li>Freikartenkontingent f\u00fcr Sie und Ihre Familie<\/li>\n<\/ul>\n<p class=\"isSelectedEnd\"><strong>Jetzt bewerben!<\/strong><br \/>\nSenden Sie Ihren Lebenslauf an: <a href=\"mailto:service@karwendelbahn.de\">service@karwendelbahn.de<\/a><br \/>\nOder rufen Sie uns direkt an: +49 175 3398792<\/p>\n<p><em>Auch engagierte Quereinsteiger und Berufsanf\u00e4nger mit hoher Motivation sind bei uns herzlich willkommen.<\/em><\/p>\n<\/div>\n<\/section>\n<\/article>\n<\/section>\n<\/div>\n<\/div>\n<\/div>\n<\/div>\n<p>[\/vc_column_text][\/vc_tta_section][vc_tta_section title=&#8221;Servicefachkraft m\/w\/d&#8221; tab_id=&#8221;1775725517942-7d22c293-1cc9&#8243;][vc_column_text]Servicefachkraft (m\/w\/d), Tagesdienst, Vollzeit**<\/p>\n<p>\ud83d\udccd Einsatzort<\/p>\n<p>Bergstation \/ Gastronomie der Karwendelbahn (Mittenwald)<\/p>\n<p>&nbsp;<\/p>\n<p>Deine Aufgaben<\/p>\n<p>* Betreuung und Bedienung der G\u00e4ste im Selbstbedienungs- oder Bedienbereich<br \/>\n* Aufnahme von Bestellungen und Servieren von Speisen &amp; Getr\u00e4nken<br \/>\n* Kassieren und Abrechnung (je nach Bereich)<br \/>\n* Vorbereitung des Gastraums (Mise en place)<br \/>\n* Sicherstellung von Sauberkeit &amp; Ordnung im Servicebereich<br \/>\n* Unterst\u00fctzung bei einfachen K\u00fcchen- oder Thekenarbeiten<br \/>\n* Umgang mit internationalen G\u00e4sten (Tourismusumfeld)<\/p>\n<p>&nbsp;<\/p>\n<p>Anforderungen<\/p>\n<p>* Erfahrung im Service \/ Gastronomie von Vorteil, aber kein Muss<br \/>\n* Freundliches, gepflegtes Auftreten<br \/>\n* Belastbarkeit (Sto\u00dfzeiten, Ausflugsverkehr)<br \/>\n* Teamf\u00e4higkeit und Zuverl\u00e4ssigkeit<br \/>\n* Grundkenntnisse Deutsch (weitere Sprachen = Plus)<br \/>\n* Bereitschaft zu Wochenend- und Feiertagsarbeit<\/p>\n<p>&nbsp;<\/p>\n<p>Arbeitszeiten (Tagesdienst)<\/p>\n<p>* Keine klassischen Sp\u00e4tschichten<br \/>\n* Einsatz meist zwischen ca. **8:00 \u2013 17:00 Uhr** (abh\u00e4ngig von Saison &amp; Wetter)<br \/>\n* Saisonale Schwankungen (Sommer\/Winter st\u00e4rker frequentiert)<\/p>\n<p>&nbsp;<\/p>\n<p>Was du bekommst<\/p>\n<p>* Fester Vollzeitjob in touristischer Umgebung bei sehr guter Bezahlung<br \/>\n* Tagschicht<br \/>\n* Freikontingent von Bahntickets f\u00fcr Familie und Verwandte<br \/>\n* Arbeiten in alpiner Umgebung mit hohem Freizeitwert<\/p>\n<p>* Trinkgeld zus\u00e4tzlich zum Gehalt<\/p>\n<p><strong>Jetzt bewerben!<\/strong><br \/>\nSenden Sie Ihren Lebenslauf an:\u00a0<a href=\"mailto:service@karwendelbahn.de\">personal@karwendelbahn.de<\/a><br \/>\nOder rufen Sie uns direkt an: +49 175 3398792<\/p>\n<p>[\/vc_column_text][\/vc_tta_section][vc_tta_section title=&#8221;Kassenfachkraft m\/w\/d (VZ, TZ &amp; Aushilfen)&#8221; tab_id=&#8221;1776115029814-47e1c01c-0ba8&#8243;][vc_column_text css=&#8221;&#8221;]<strong>Kassenfachkraft (m\/w\/d), Tagesdienst, VZ\/TZ &amp; Aushilfen<\/strong><\/p>\n<p>\ud83d\udccd Einsatzort<\/p>\n<p>Talsstation \/ Bergst\u00fcberl der Karwendelbahn (Mittenwald)<\/p>\n<p>&nbsp;<\/p>\n<p><strong>Deine Aufgaben<\/strong><\/p>\n<p>* Kassieren und Abrechnung<br \/>\n* Erfahrung mit SKI DATA Kassensystem von Vorteil<br \/>\n* Betreuung und Bedienung der G\u00e4ste im Selbstbedienungsbereich<br \/>\n* CheckIn der Fewo G\u00e4ste durchf\u00fchren<br \/>\n* Sicherstellung von Sauberkeit &amp; Ordnung im Servicebereich<\/p>\n<p>&nbsp;<\/p>\n<p><strong>Anforderungen<\/strong><\/p>\n<p>* Erfahrung im Service \/ Gastronomie von Vorteil, aber kein Muss<br \/>\n* Freundliches, gepflegtes Auftreten<br \/>\n* Belastbarkeit (Sto\u00dfzeiten, Ausflugsverkehr)<br \/>\n* Teamf\u00e4higkeit und Zuverl\u00e4ssigkeit<br \/>\n* Deutsch (weitere Sprachen = Plus)<br \/>\n* Bereitschaft zu Wochenend- und Feiertagsarbeit<\/p>\n<p>&nbsp;<\/p>\n<p><strong>Arbeitszeiten (Tagesdienst)<\/strong><\/p>\n<p>* Keine klassischen Sp\u00e4tschichten<br \/>\n* Einsatz meist zwischen ca. **8:00 \u2013 17:00 Uhr** (abh\u00e4ngig von Saison &amp; Wetter)<br \/>\n* Saisonale Schwankungen (Sommer\/Winter st\u00e4rker frequentiert)<\/p>\n<p>&nbsp;<\/p>\n<p><strong>Was du bekommst<\/strong><\/p>\n<p>* Fester Vollzeitjob in touristischer Umgebung bei sehr guter Bezahlung<br \/>\n* Tagschicht<br \/>\n* Freikontingent von Bahntickets f\u00fcr Familie und Verwandte<br \/>\n* Arbeiten in alpiner Umgebung mit hohem Freizeitwert<\/p>\n<p>&nbsp;<\/p>\n<p><strong>Jetzt bewerben!<\/strong><br \/>\nSenden Sie Ihren Lebenslauf an:\u00a0<a href=\"mailto:service@karwendelbahn.de\">personal@karwendelbahn.de<\/a><br \/>\nOder rufen Sie uns direkt an: +49 175 3398792[\/vc_column_text][\/vc_tta_section][\/vc_tta_accordion][\/vc_column][\/vc_row]<\/p>\n<\/div>","protected":false},"excerpt":{"rendered":"<p>[vc_row css=&#8221;.vc_custom_1531908416826{margin-bottom: 0px !important;}&#8221;][vc_column][\/vc_column][\/vc_row][vc_row full_width=&#8221;stretch_row&#8221; equal_height=&#8221;yes&#8221; ult_hide_row=&#8221;ult_hide_row_value&#8221; ult_hide_row_tablet=&#8221;tablet&#8221; ult_hide_row_tablet_small=&#8221;xs_tablet&#8221; css=&#8221;.vc_custom_1531900319075{margin-top: 10px !important;margin-bottom: -30px !important;}&#8221;][vc_column][vc_column_text css=&#8221;.vc_custom_1531900226734{margin-bottom: 0px !important;}&#8221;][\/vc_column_text][vc_separator][vc_empty_space height=&#8221;30px&#8221;][\/vc_column][\/vc_row][vc_row css=&#8221;.vc_custom_1523970277060{margin-bottom: 0px !important;}&#8221; el_class=&#8221;brotkrumen&#8221;][vc_column][vc_column_text][\/vc_column_text][\/vc_column][\/vc_row][vc_row][vc_column][vc_column_text css=&#8221;&#8221;] Karriere \u00fcber den Wolken Die Karwendelbahn AG in Mittenwald ist mehr als eine Seilbahn. Seit der ersten Bergfahrt am 7. Juni 1967 stehen wir f\u00fcr technische Pr\u00e4zision, Verl\u00e4sslichkeit und einen au\u00dfergew\u00f6hnlichen Sicherheitsstandard&hellip;<\/p>\n","protected":false},"author":1,"featured_media":0,"parent":1169,"menu_order":0,"comment_status":"closed","ping_status":"closed","template":"","meta":{"_acf_changed":false,"footnotes":""},"class_list":["post-1180","page","type-page","status-publish","hentry","description-off"],"acf":[],"yoast_head":"<!-- This site is optimized with the Yoast SEO plugin v27.3 - https:\/\/yoast.com\/product\/yoast-seo-wordpress\/ -->\n<title>Stellenangebote - Karwendelbahn<\/title>\n<meta name=\"robots\" content=\"index, follow, max-snippet:-1, max-image-preview:large, max-video-preview:-1\" \/>\n<link rel=\"canonical\" href=\"https:\/\/www.karwendelbahn.de\/en\/our-company\/stellenangebote\/\" \/>\n<meta property=\"og:locale\" content=\"en_US\" \/>\n<meta property=\"og:type\" content=\"article\" \/>\n<meta property=\"og:title\" content=\"Stellenangebote - Karwendelbahn\" \/>\n<meta property=\"og:description\" content=\"[vc_row css=&#8221;.vc_custom_1531908416826{margin-bottom: 0px !important;}&#8221;][vc_column][\/vc_column][\/vc_row][vc_row full_width=&#8221;stretch_row&#8221; equal_height=&#8221;yes&#8221; ult_hide_row=&#8221;ult_hide_row_value&#8221; ult_hide_row_tablet=&#8221;tablet&#8221; ult_hide_row_tablet_small=&#8221;xs_tablet&#8221; css=&#8221;.vc_custom_1531900319075{margin-top: 10px !important;margin-bottom: -30px !important;}&#8221;][vc_column][vc_column_text css=&#8221;.vc_custom_1531900226734{margin-bottom: 0px !important;}&#8221;][\/vc_column_text][vc_separator][vc_empty_space height=&#8221;30px&#8221;][\/vc_column][\/vc_row][vc_row css=&#8221;.vc_custom_1523970277060{margin-bottom: 0px !important;}&#8221; el_class=&#8221;brotkrumen&#8221;][vc_column][vc_column_text][\/vc_column_text][\/vc_column][\/vc_row][vc_row][vc_column][vc_column_text css=&#8221;&#8221;] Karriere \u00fcber den Wolken Die Karwendelbahn AG in Mittenwald ist mehr als eine Seilbahn. Seit der ersten Bergfahrt am 7. Juni 1967 stehen wir f\u00fcr technische Pr\u00e4zision, Verl\u00e4sslichkeit und einen au\u00dfergew\u00f6hnlichen Sicherheitsstandard&hellip;\" \/>\n<meta property=\"og:url\" content=\"https:\/\/www.karwendelbahn.de\/en\/our-company\/stellenangebote\/\" \/>\n<meta property=\"og:site_name\" content=\"Karwendelbahn\" \/>\n<meta property=\"article:modified_time\" content=\"2026-04-13T22:08:14+00:00\" \/>\n<meta name=\"twitter:card\" content=\"summary_large_image\" \/>\n<meta name=\"twitter:label1\" content=\"Est. reading time\" \/>\n\t<meta name=\"twitter:data1\" content=\"10 minutes\" \/>\n<script type=\"application\/ld+json\" class=\"yoast-schema-graph\">{\"@context\":\"https:\\\/\\\/schema.org\",\"@graph\":[{\"@type\":\"WebPage\",\"@id\":\"https:\\\/\\\/www.karwendelbahn.de\\\/en\\\/our-company\\\/stellenangebote\\\/\",\"url\":\"https:\\\/\\\/www.karwendelbahn.de\\\/en\\\/our-company\\\/stellenangebote\\\/\",\"name\":\"Stellenangebote - Karwendelbahn\",\"isPartOf\":{\"@id\":\"https:\\\/\\\/www.karwendelbahn.de\\\/#website\"},\"datePublished\":\"2018-04-04T08:07:23+00:00\",\"dateModified\":\"2026-04-13T22:08:14+00:00\",\"breadcrumb\":{\"@id\":\"https:\\\/\\\/www.karwendelbahn.de\\\/en\\\/our-company\\\/stellenangebote\\\/#breadcrumb\"},\"inLanguage\":\"en-US\",\"potentialAction\":[{\"@type\":\"ReadAction\",\"target\":[\"https:\\\/\\\/www.karwendelbahn.de\\\/en\\\/our-company\\\/stellenangebote\\\/\"]}]},{\"@type\":\"BreadcrumbList\",\"@id\":\"https:\\\/\\\/www.karwendelbahn.de\\\/en\\\/our-company\\\/stellenangebote\\\/#breadcrumb\",\"itemListElement\":[{\"@type\":\"ListItem\",\"position\":1,\"name\":\"Karwendelbahn Mittenwald\",\"item\":\"https:\\\/\\\/www.karwendelbahn.de\\\/en\\\/\"},{\"@type\":\"ListItem\",\"position\":2,\"name\":\"Karwendelbahn AG\",\"item\":\"https:\\\/\\\/www.karwendelbahn.de\\\/en\\\/our-company\\\/\"},{\"@type\":\"ListItem\",\"position\":3,\"name\":\"Stellenangebote\"}]},{\"@type\":\"WebSite\",\"@id\":\"https:\\\/\\\/www.karwendelbahn.de\\\/#website\",\"url\":\"https:\\\/\\\/www.karwendelbahn.de\\\/\",\"name\":\"Karwendelbahn\",\"description\":\"%1$s Structured Data Blocks\",\"potentialAction\":[{\"@type\":\"SearchAction\",\"target\":{\"@type\":\"EntryPoint\",\"urlTemplate\":\"https:\\\/\\\/www.karwendelbahn.de\\\/?s={search_term_string}\"},\"query-input\":{\"@type\":\"PropertyValueSpecification\",\"valueRequired\":true,\"valueName\":\"search_term_string\"}}],\"inLanguage\":\"en-US\"}]}<\/script>\n<!-- \/ Yoast SEO plugin. -->","yoast_head_json":{"title":"Stellenangebote - Karwendelbahn","robots":{"index":"index","follow":"follow","max-snippet":"max-snippet:-1","max-image-preview":"max-image-preview:large","max-video-preview":"max-video-preview:-1"},"canonical":"https:\/\/www.karwendelbahn.de\/en\/our-company\/stellenangebote\/","og_locale":"en_US","og_type":"article","og_title":"Stellenangebote - Karwendelbahn","og_description":"[vc_row css=&#8221;.vc_custom_1531908416826{margin-bottom: 0px !important;}&#8221;][vc_column][\/vc_column][\/vc_row][vc_row full_width=&#8221;stretch_row&#8221; equal_height=&#8221;yes&#8221; ult_hide_row=&#8221;ult_hide_row_value&#8221; ult_hide_row_tablet=&#8221;tablet&#8221; ult_hide_row_tablet_small=&#8221;xs_tablet&#8221; css=&#8221;.vc_custom_1531900319075{margin-top: 10px !important;margin-bottom: -30px !important;}&#8221;][vc_column][vc_column_text css=&#8221;.vc_custom_1531900226734{margin-bottom: 0px !important;}&#8221;][\/vc_column_text][vc_separator][vc_empty_space height=&#8221;30px&#8221;][\/vc_column][\/vc_row][vc_row css=&#8221;.vc_custom_1523970277060{margin-bottom: 0px !important;}&#8221; el_class=&#8221;brotkrumen&#8221;][vc_column][vc_column_text][\/vc_column_text][\/vc_column][\/vc_row][vc_row][vc_column][vc_column_text css=&#8221;&#8221;] Karriere \u00fcber den Wolken Die Karwendelbahn AG in Mittenwald ist mehr als eine Seilbahn. Seit der ersten Bergfahrt am 7. Juni 1967 stehen wir f\u00fcr technische Pr\u00e4zision, Verl\u00e4sslichkeit und einen au\u00dfergew\u00f6hnlichen Sicherheitsstandard&hellip;","og_url":"https:\/\/www.karwendelbahn.de\/en\/our-company\/stellenangebote\/","og_site_name":"Karwendelbahn","article_modified_time":"2026-04-13T22:08:14+00:00","twitter_card":"summary_large_image","twitter_misc":{"Est. reading time":"10 minutes"},"schema":{"@context":"https:\/\/schema.org","@graph":[{"@type":"WebPage","@id":"https:\/\/www.karwendelbahn.de\/en\/our-company\/stellenangebote\/","url":"https:\/\/www.karwendelbahn.de\/en\/our-company\/stellenangebote\/","name":"Stellenangebote - Karwendelbahn","isPartOf":{"@id":"https:\/\/www.karwendelbahn.de\/#website"},"datePublished":"2018-04-04T08:07:23+00:00","dateModified":"2026-04-13T22:08:14+00:00","breadcrumb":{"@id":"https:\/\/www.karwendelbahn.de\/en\/our-company\/stellenangebote\/#breadcrumb"},"inLanguage":"en-US","potentialAction":[{"@type":"ReadAction","target":["https:\/\/www.karwendelbahn.de\/en\/our-company\/stellenangebote\/"]}]},{"@type":"BreadcrumbList","@id":"https:\/\/www.karwendelbahn.de\/en\/our-company\/stellenangebote\/#breadcrumb","itemListElement":[{"@type":"ListItem","position":1,"name":"Karwendelbahn Mittenwald","item":"https:\/\/www.karwendelbahn.de\/en\/"},{"@type":"ListItem","position":2,"name":"Karwendelbahn AG","item":"https:\/\/www.karwendelbahn.de\/en\/our-company\/"},{"@type":"ListItem","position":3,"name":"Stellenangebote"}]},{"@type":"WebSite","@id":"https:\/\/www.karwendelbahn.de\/#website","url":"https:\/\/www.karwendelbahn.de\/","name":"Karwendelbahn","description":"%1$s Structured Data Blocks","potentialAction":[{"@type":"SearchAction","target":{"@type":"EntryPoint","urlTemplate":"https:\/\/www.karwendelbahn.de\/?s={search_term_string}"},"query-input":{"@type":"PropertyValueSpecification","valueRequired":true,"valueName":"search_term_string"}}],"inLanguage":"en-US"}]}},"_links":{"self":[{"href":"https:\/\/www.karwendelbahn.de\/en\/wp-json\/wp\/v2\/pages\/1180","targetHints":{"allow":["GET"]}}],"collection":[{"href":"https:\/\/www.karwendelbahn.de\/en\/wp-json\/wp\/v2\/pages"}],"about":[{"href":"https:\/\/www.karwendelbahn.de\/en\/wp-json\/wp\/v2\/types\/page"}],"author":[{"embeddable":true,"href":"https:\/\/www.karwendelbahn.de\/en\/wp-json\/wp\/v2\/users\/1"}],"replies":[{"embeddable":true,"href":"https:\/\/www.karwendelbahn.de\/en\/wp-json\/wp\/v2\/comments?post=1180"}],"version-history":[{"count":45,"href":"https:\/\/www.karwendelbahn.de\/en\/wp-json\/wp\/v2\/pages\/1180\/revisions"}],"predecessor-version":[{"id":7588,"href":"https:\/\/www.karwendelbahn.de\/en\/wp-json\/wp\/v2\/pages\/1180\/revisions\/7588"}],"up":[{"embeddable":true,"href":"https:\/\/www.karwendelbahn.de\/en\/wp-json\/wp\/v2\/pages\/1169"}],"wp:attachment":[{"href":"https:\/\/www.karwendelbahn.de\/en\/wp-json\/wp\/v2\/media?parent=1180"}],"curies":[{"name":"wp","href":"https:\/\/api.w.org\/{rel}","templated":true}]}}